{"id":3703,"date":"2021-12-08T11:39:10","date_gmt":"2021-12-08T11:39:10","guid":{"rendered":"https:\/\/www.camping-montferrat.com\/chartreux-chalets\/"},"modified":"2026-04-26T22:13:49","modified_gmt":"2026-04-26T22:13:49","slug":"chartreux-chalets","status":"publish","type":"page","link":"https:\/\/www.detente-et-clapotis.fr\/en\/chartreux-chalets\/","title":{"rendered":"Chartreux chalets"},"content":{"rendered":"<h1>Chartreux Chalets &#8211; up to 7 people<\/h1>\n<div>\n<p>Six comfortable 40m\u00b2 chalets, accommodating up to 7 people, located near the campsite entrance.<\/p>\n<p>A comfortable and functional chalet, well-insulated, ideal for a family.<\/p>\n<\/div>\n<ul>\n<li>\n<div>\n<p><span>35 m\u00b2 + terrasse de 5m\u00b2, sur des parcelles de 100 m\u00b2<\/span><\/p>\n<\/div>\n<\/li>\n<li>\n<div>\n<p>Espace de vie salle \u00e0 manger avec coin cuisine \u00e9quip\u00e9e (r\u00e9frig\u00e9rateur, plaques de cuisson \u00e9lectriques, four \u00e0 micro-ondes et \u00e9vier), vaisselle et batterie de cuisine<\/p>\n<\/div>\n<\/li>\n<li>\n<div>\n<p>2 chambres ind\u00e9pendantes, une avec lit double, une avec 3 lits simples dont 1 superpos\u00e9<\/p>\n<\/div>\n<\/li>\n<li>\n<div>\n<p>Coin salon avec canap\u00e9 clic-clac convertible (couchage 2 places)<br \/>Pas de t\u00e9l\u00e9vision<\/p>\n<\/div>\n<\/li>\n<li>\n<div>\n<p>Salle de bains avec douche et lavabo, WC s\u00e9par\u00e9s<\/p>\n<\/div>\n<\/li>\n<li>\n<div>\n<p>Oreillers et couettes fournies, draps et serviettes en option<\/p>\n<\/div>\n<\/li>\n<li>\n<div>\n<p>Radiateurs \u00e9lectriques dans s\u00e9jour et chambres<\/p>\n<\/div>\n<\/li>\n<li>\n<div>\n<p>Terrasse privative avec table et chaises<\/p>\n<\/div>\n<\/li>\n<li>\n<div>\n<p>Animaux accept\u00e9s, en option<\/p>\n<\/div>\n<\/li>\n<\/ul>\n<hr>\n<ul>\n<li>\n<p>\n        <a href=\"\/wp-content\/uploads\/2026\/01\/6_2026_Descriptif-Complet_Chalet-des-Chartreux_7pax_compressed.pdf\">T\u00e9l\u00e9charger descriptif complet_7pax<\/a>\n    <\/p>\n<\/li>\n<li>\n<p>\n        <a href=\"\/wp-content\/uploads\/2026\/01\/7_2026_Descriptif-Complet_Chalet-des-Chartreux-PMR_4pax_compressed.pdf\">T\u00e9l\u00e9charger descriptif complet PMR_4pax<\/a>\n    <\/p>\n<\/li>\n<li>\n<p>\n        <a href=\"\/wp-content\/uploads\/2022\/10\/image-3.jpeg\">View the floor plan<\/a>\n    <\/p>\n<\/li>\n<\/ul>\n<ul>\n<li>\n<p>        <img decoding=\"async\" src=\"\/wp-content\/uploads\/2022\/10\/chalet001.jpg\" alt=\"Chalet des Chartreux avec terrasse priv\u00e9e, camping Lac de Paladru\" title=\"\"><\/p>\n<h3>Chalet des Chartreux \u2014 vue ext\u00e9rieure<\/h3>\n<\/li>\n<li>\n<p>        <img decoding=\"async\" src=\"\/wp-content\/uploads\/2022\/10\/chalet05.jpg\" alt=\"Cuisine \u00e9quip\u00e9e du Chalet des Chartreux, camping Lac de Paladru\" title=\"\"><\/p>\n<h3>Cuisine \u00e9quip\u00e9e du Chalet des Chartreux<\/h3>\n<\/li>\n<li>\n<p>        <img decoding=\"async\" src=\"\/wp-content\/uploads\/2022\/10\/chalet04.jpg\" alt=\"Chambre du Chalet des Chartreux, camping 4 \u00e9toiles Lac de Paladru\" title=\"\"><\/p>\n<h3>Chambre du Chalet des Chartreux<\/h3>\n<\/li>\n<li>\n<p>        <img decoding=\"async\" src=\"\/wp-content\/uploads\/2021\/12\/chalet-chambre-scaled.jpg\" alt=\"Chalet Chambre, camping D\u00e9tente et Clapotis, Lac de Paladru\" title=\"\"><\/p>\n<h3>Chalet Chambre, camping D\u00e9tente et Clapotis, Lac de Paladru<\/h3>\n<\/li>\n<li>\n<p>        <img decoding=\"async\" src=\"\/wp-content\/uploads\/2025\/10\/chartreux-chambre-parent-scaled.jpg\" alt=\"Chartreux Chambre Parent, camping D\u00e9tente et Clapotis, Lac de Paladru\" title=\"\"><\/p>\n<h3>Chartreux Chambre Parent, camping D\u00e9tente et Clapotis, Lac de Paladru<\/h3>\n<\/li>\n<li>\n<p>        <img decoding=\"async\" src=\"\/wp-content\/uploads\/2022\/10\/chalet03.jpg\" alt=\"Chalet des Chartreux avec terrasse et jardin privatifs, camping Is\u00e8re\" title=\"\"><\/p>\n<h3>Chalet des Chartreux \u2014 terrasse et jardin<\/h3>\n<\/li>\n<\/ul>\n<ul>\n<li>\n<h3>Equipment<\/h3>\n<div><ctv-inventory data-product-id=\"48930\" ><\/ctv-inventory><\/div>\n<\/li>\n<li>\n<h3>Reviews<\/h3>\n<div><ctv-reviews-list data-product-id=\"48930\" ><\/ctv-reviews-list><\/div>\n<\/li>\n<\/ul>\n<ul>\n<li>\n<h3>Calendar and rates<\/h3>\n<div><ctv-product-search data-product-id=\"48930\" ><\/ctv-product-search><\/div>\n<\/li>\n<li>\n<h3>Special offers<\/h3>\n<div><ctv-offers data-product-id=\"48930\" data-display-mode=\"classic\" ><\/ctv-offers><\/div>\n<\/li>\n<\/ul>\n<h2>Our other accommodations<\/h2>\n<ul>\n<li>\n<p>        <img decoding=\"async\" src=\"\/wp-content\/uploads\/2022\/10\/natura02-1.jpg\" alt=\"Natura Lodge for 4 with private terrace, 4-star campsite Lac de Paladru\" title=\"\"><\/p>\n<h3>Natura Lodges<\/h3>\n<div>35 m\u00b2, plot between 150 and 200 m\u00b2, private terrace and spa, not overlooked !<\/div>\n<p><a href=\"https:\/\/www.detente-et-clapotis.fr\/en\/natura-lodges\/\">Discover<\/a><\/p>\n<\/li>\n<li>\n<p>        <img decoding=\"async\" src=\"\/wp-content\/uploads\/2022\/10\/libella01.jpg\" alt=\"Libella Chalet with private terrace, 4-star campsite Lac de Paladru\" title=\"\"><\/p>\n<h3>Libella Chalets<\/h3>\n<div>35 m\u00b2, terrain entreplot between 150 and 200 m\u00b2, private terrace not overlooked !<\/div>\n<p><a href=\"https:\/\/www.detente-et-clapotis.fr\/en\/libella-chalets\/\">Discover<\/a><\/p>\n<\/li>\n<li>\n<p>        <img decoding=\"async\" src=\"\/wp-content\/uploads\/2022\/10\/anmil00.jpg\" alt=\"Knights of the Millennium unusual chalet, unique accommodation Lac de Paladru\" title=\"\"><\/p>\n<h3>Chalet des Chevaliers de l&#8217;An Mil<\/h3>\n<div>25 m\u00b2, plot between 120 and 180 m\u00b2, private terrace !<\/div>\n<p><a href=\"https:\/\/www.detente-et-clapotis.fr\/en\/chalets-des-chevaliers-de-lan-mil\/\">Discover<\/a><\/p>\n<\/li>\n<li>\n<p>        <img decoding=\"async\" src=\"\/wp-content\/uploads\/2022\/10\/eco-chalet03-1.jpg\" alt=\"Eco-Chalet with private terrace, campsite Lac de Paladru\" title=\"\"><\/p>\n<h3>Eco-Chalets<\/h3>\n<div>\n<p>35 m2, plot between 150 et 200 m2, private terrace no overlooked !<\/p>\n<\/div>\n<p><a href=\"https:\/\/www.detente-et-clapotis.fr\/en\/eco-chalets\/\">Discover<\/a><\/p>\n<\/li>\n<li>\n<p>        <img decoding=\"async\" src=\"\/wp-content\/uploads\/2022\/10\/tente02.jpg\" alt=\"Lodge tent interior with equipped living space, campsite Lac de Paladru\" title=\"\"><\/p>\n<h3>Lodge Tente<\/h3>\n<div>25 m\u00b2, private terrace of 10m\u00b2 !<\/div>\n<p><a href=\"https:\/\/www.detente-et-clapotis.fr\/en\/lodge-tents\/\">Discover<\/a><\/p>\n<\/li>\n<\/ul>\n<h2>Activities<\/h2>\n<div>\n<p>Something to enjoy life, for all ages, for all tastes !<\/p>\n<\/div>\n<ul>\n<li>\n<p>        <img decoding=\"async\" src=\"\/wp-content\/uploads\/2022\/03\/home-top3.jpg\" alt=\"Heated indoor and outdoor pool, D\u00e9tente et Clapotis campsite Lac de Paladru\" title=\"\"><\/p>\n<div>\n<p>Swimming pool and water area<\/p>\n<\/div>\n<\/li>\n<li>\n<p>        <img decoding=\"async\" src=\"\/wp-content\/uploads\/2021\/12\/plage-2.jpg\" alt=\"Natural supervised beach at D\u00e9tente et Clapotis campsite on Lac de Paladru, Montferrat, Is\u00e8re\" title=\"\"><\/p>\n<div>\n<p>The beach<\/p>\n<\/div>\n<\/li>\n<li>\n<p>        <img decoding=\"async\" src=\"\/wp-content\/uploads\/2022\/03\/schluchsee-g36300ba53_1280.jpg\" alt=\"Water sports on Lac de Paladru, kayaking and sailing, campsite Is\u00e8re\" title=\"\"><\/p>\n<div>Watersports and fishing<\/div>\n<\/li>\n<li>\n<p>        <img decoding=\"async\" src=\"\/wp-content\/uploads\/2022\/03\/jeuxenfants.jpg\" alt=\"Children&#039;s play area at D\u00e9tente et Clapotis campsite, Lac de Paladru\" title=\"\"><\/p>\n<div>Playgrounds and sports fields<\/div>\n<\/li>\n<li>\n<p>        <img decoding=\"async\" src=\"\/wp-content\/uploads\/2022\/03\/Resto-concert.jpg\" alt=\"Musical evening at the restaurant of D\u00e9tente et Clapotis campsite\" title=\"\"><\/p>\n<div>Musical evenings at the restaurant<\/div>\n<\/li>\n<li>\n<p>        <img decoding=\"async\" src=\"\/wp-content\/uploads\/2022\/03\/image-1.jpeg\" alt=\"D\u00e9tente et Clapotis campsite, Lac de Paladru Is\u00e8re\" title=\"\"><\/p>\n<div>Relaxation area<\/div>\n<\/li>\n<\/ul>\n<hr>\n<div>\n<p>Around the campsite, you can rent bicycles and discover the beautiful Lake tour or enjoy water sports rentals at the restaurant !<\/p>\n<p>Still on the water, rowing, pedal boating, paddleboarding, and kayaking are within your reach.<\/p>\n<\/div>\n<h2>Services<\/h2>\n<div>To spend a good stay !<\/div>\n<ul>\n<li>\n<p>        <img decoding=\"async\" src=\"\/wp-content\/uploads\/2022\/03\/restaurant.jpg\" alt=\"L&#039;Annexe restaurant terrace with panoramic view of Lac de Paladru, D\u00e9tente et Clapotis campsite\" title=\"\"><\/p>\n<div>Restaurant and bar <\/div>\n<\/li>\n<li>\n<p>        <img decoding=\"async\" src=\"\/wp-content\/uploads\/2022\/03\/image-7.jpeg\" alt=\"Emergency supplies shop at D\u00e9tente et Clapotis campsite\" title=\"\"><\/p>\n<div>First necessity products<\/div>\n<\/li>\n<li>\n<p>        <img decoding=\"async\" src=\"\/wp-content\/uploads\/2022\/03\/image-8.jpeg\" alt=\"Fresh bread and pastries at D\u00e9tente et Clapotis campsite\" title=\"\"><\/p>\n<div>Bread and pastries<\/div>\n<\/li>\n<li>\n<p>        <img decoding=\"async\" src=\"\/wp-content\/uploads\/2022\/03\/image-9.jpeg\" alt=\"Wi-Fi access at D\u00e9tente et Clapotis campsite, Lac de Paladru\" title=\"\"><\/p>\n<div>Wi-fi access<\/div>\n<\/li>\n<li>\n<p>        <img decoding=\"async\" src=\"\/wp-content\/uploads\/2022\/03\/image-11.jpeg\" alt=\"Housekeeping service at D\u00e9tente et Clapotis campsite\" title=\"\"><\/p>\n<div>Hotel service<\/div>\n<\/li>\n<\/ul>\n<hr>\n<div>On land, in addition to biking, you can enjoy horseback rides with the \u00c9curies du Lac Bleu or explore the numerous hiking trails with magnificent viewpoints.<\/div>\n<p><!--more--><br \/>\n<!-- {\"type\":\"layout\",\"children\":[{\"type\":\"section\",\"props\":{\"image_position\":\"top-right\",\"image_size\":\"width-1-1\",\"overlap\":true,\"padding_remove_horizontal\":true,\"style\":\"default\",\"title_breakpoint\":\"xl\",\"title_position\":\"top-left\",\"title_rotation\":\"left\",\"vertical_align\":\"\",\"width\":\"large\"},\"children\":[{\"type\":\"row\",\"props\":{\"layout\":\"1-3,2-3\",\"width\":\"large\"},\"children\":[{\"type\":\"column\",\"props\":{\"image_effect\":\"fixed\",\"image_position\":\"top-left\",\"image_size\":\"cover\",\"padding\":\"none\",\"position_sticky\":\"column\",\"position_sticky_breakpoint\":\"m\",\"style\":\"tile-default\",\"width_medium\":\"1-3\"},\"children\":[{\"type\":\"headline\",\"props\":{\"content\":\"Chartreux Chalets - up to 7 people\",\"image_align\":\"left\",\"image_margin\":\"xsmall\",\"title_element\":\"h1\"}},{\"type\":\"text\",\"props\":{\"column_breakpoint\":\"m\",\"content\":\"\n\n<p>Six comfortable 40m\u00b2 chalets, accommodating up to 7 people, located near the campsite entrance.<\/p>\n\n\\n\n\n<p>A comfortable and functional chalet, well-insulated, ideal for a family.<\/p>\n\n\",\"margin_bottom\":\"default\",\"margin_top\":\"default\"}},{\"path\":\"elements\",\"name\":\"List Image Left Style Divider\",\"type\":\"list\",\"props\":{\"column_breakpoint\":\"m\",\"content_style\":\"h5\",\"id\":\"list-image-left-style-divider\",\"image_align\":\"left\",\"image_height\":\"60\",\"image_svg_color\":\"emphasis\",\"image_vertical_align\":true,\"image_width\":\"60\",\"link_style\":\"heading\",\"list_element\":\"ul\",\"list_horizontal_separator\":\", \",\"list_style\":\"divider\",\"list_type\":\"vertical\",\"show_image\":true,\"show_link\":true},\"children\":[{\"type\":\"list_item\",\"props\":{\"content\":\"\n\n<p><span>35 m\u00b2 + terrasse de 5m\u00b2, sur des parcelles de 100 m\u00b2<\/span><\/p>\n\n\",\"icon\":\"ionicons-outline--resize-outline\",\"image\":\"\",\"image_svg_color\":\"primary\"}},{\"type\":\"list_item\",\"props\":{\"content\":\"\n\n<p>Espace de vie salle \u00e0 manger avec coin cuisine \u00e9quip\u00e9e (r\u00e9frig\u00e9rateur, plaques de cuisson \u00e9lectriques, four \u00e0 micro-ondes et \u00e9vier), vaisselle et batterie de cuisine<\/p>\n\n\",\"icon\":\"tablericons--tools-kitchen\",\"image\":\"\",\"image_svg_color\":\"primary\"}},{\"type\":\"list_item\",\"props\":{\"content\":\"\n\n<p>2 chambres ind\u00e9pendantes, une avec lit double, une avec 3 lits simples dont 1 superpos\u00e9<\/p>\n\n\",\"icon\":\"ionicons-filled--bed\",\"image\":\"\",\"image_svg_color\":\"primary\"}},{\"type\":\"list_item\",\"props\":{\"content\":\"\n\n<p>Coin salon avec canap\u00e9 clic-clac convertible (couchage 2 places)<br \/>Pas de t\u00e9l\u00e9vision<\/p>\n\n\",\"icon\":\"fontawesome-solid--couch\",\"image_svg_color\":\"primary\"}},{\"type\":\"list_item\",\"props\":{\"content\":\"\n\n<p>Salle de bains avec douche et lavabo, WC s\u00e9par\u00e9s<\/p>\n\n\",\"icon\":\"fa6-solid--shower\",\"image\":\"\",\"image_svg_color\":\"primary\"}},{\"type\":\"list_item\",\"props\":{\"content\":\"\n\n<p>Oreillers et couettes fournies, draps et serviettes en option<\/p>\n\n\",\"icon\":\"fa6-solid--bell-concierge\",\"image_svg_color\":\"primary\"}},{\"type\":\"list_item\",\"props\":{\"content\":\"\n\n<p>Radiateurs \u00e9lectriques dans s\u00e9jour et chambres<\/p>\n\n\",\"icon\":\"bootstrap--thermometer-sun\",\"image\":\"\",\"image_svg_color\":\"primary\"}},{\"type\":\"list_item\",\"props\":{\"content\":\"\n\n<p>Terrasse privative avec table et chaises<\/p>\n\n\",\"icon\":\"ionicons-outline--sunny-outline\",\"image\":\"\",\"image_svg_color\":\"primary\"}},{\"type\":\"list_item\",\"props\":{\"content\":\"\n\n<p>Animaux accept\u00e9s, en option<\/p>\n\n\",\"icon\":\"ionicons-filled--paw\",\"image_svg_color\":\"primary\"}}],\"meta\":{\"type\":\"list\",\"website\":\"elements\",\"image\":\"https:\/\/downloads-yootheme.storage.googleapis.com\/library\/elements\/elements\/list-image-left-style-divider.jpg\"},\"images\":[{\"src\":\"wp-content\/themes\/yootheme\/vendor\/yootheme\/theme\/assets\/images\/element-image-placeholder.png\",\"md5\":\"4d726c31c6c6ec89926b20577ea04e7c\"},{\"src\":\"wp-content\/themes\/yootheme\/vendor\/yootheme\/theme\/assets\/images\/element-image-placeholder.png\",\"md5\":\"498764856ddf3b1d9b4cab71eed8cc28\"},{\"src\":\"wp-content\/themes\/yootheme\/vendor\/yootheme\/theme\/assets\/images\/element-image-placeholder.png\",\"md5\":\"cda267d9783600403f8ace5670adde3a\"},{\"src\":\"wp-content\/themes\/yootheme\/vendor\/yootheme\/theme\/assets\/images\/element-image-placeholder.png\",\"md5\":\"56d6deede5c9b698b0e9b5df326686aa\"},{\"src\":\"wp-content\/themes\/yootheme\/vendor\/yootheme\/theme\/assets\/images\/element-image-placeholder.png\",\"md5\":\"33ba054fb13c021a8aa06053194657df\"}]},{\"type\":\"divider\",\"props\":{\"divider_element\":\"hr\"}},{\"type\":\"button\",\"props\":{\"grid_column_gap\":\"small\",\"grid_row_gap\":\"small\",\"margin_bottom\":\"default\",\"margin_top\":\"default\"},\"children\":[{\"type\":\"button_item\",\"props\":{\"button_style\":\"default\",\"content\":\"T\u00e9l\u00e9charger descriptif complet_7pax\",\"dialog_layout\":\"modal\",\"dialog_offcanvas_flip\":true,\"icon\":\"bootstrap--card-checklist\",\"icon_align\":\"left\",\"image_height\":\"1200px\",\"image_width\":\"800px\",\"link\":\"wp-content\/uploads\/2026\/01\/6_2026_Descriptif-Complet_Chalet-des-Chartreux_7pax_compressed.pdf\",\"link_target\":true,\"link_title\":\"Descriptif complet chalet des chartreux_7pax - D\u00e9tente et Clapotis\"}},{\"type\":\"button_item\",\"props\":{\"button_style\":\"default\",\"content\":\"T\u00e9l\u00e9charger descriptif complet PMR_4pax\",\"dialog_layout\":\"modal\",\"dialog_offcanvas_flip\":true,\"icon\":\"bootstrap--card-checklist\",\"icon_align\":\"left\",\"link\":\"wp-content\/uploads\/2026\/01\/7_2026_Descriptif-Complet_Chalet-des-Chartreux-PMR_4pax_compressed.pdf\",\"link_title\":\"Descriptif complet chalet des chartreux PMR_4 pers - D\u00e9tente et clapotis\"}},{\"type\":\"button_item\",\"props\":{\"button_style\":\"default\",\"content\":\"View the floor plan\",\"dialog_layout\":\"modal\",\"dialog_offcanvas_flip\":true,\"icon\":\"teenyicons-solid--floorplan\",\"icon_align\":\"left\",\"lightbox\":true,\"link\":\"wp-content\/uploads\/2022\/10\/image-3.jpeg\",\"link_title\":\"Plan Natura Lodge - D\u00e9tente et Clapotis\"}}]}]},{\"type\":\"column\",\"props\":{\"image_position\":\"center-center\",\"position_sticky_breakpoint\":\"m\",\"width_medium\":\"2-3\"},\"children\":[{\"type\":\"slideshow\",\"props\":{\"link_style\":\"default\",\"link_text\":\"Read more\",\"margin_bottom\":\"default\",\"margin_top\":\"default\",\"meta_align\":\"below-title\",\"meta_element\":\"div\",\"meta_style\":\"text-meta\",\"nav\":\"thumbnav\",\"nav_align\":\"left\",\"nav_below\":true,\"nav_breakpoint\":\"s\",\"nav_position\":\"bottom-center\",\"nav_position_margin\":\"medium\",\"overlay_animation\":\"parallax\",\"overlay_position\":\"center-left\",\"show_content\":true,\"show_link\":true,\"show_meta\":true,\"show_thumbnail\":true,\"show_title\":false,\"slidenav\":\"top-left\",\"slidenav_breakpoint\":\"s\",\"slidenav_margin\":\"small\",\"slidenav_outside_breakpoint\":\"xl\",\"slideshow_autoplay_pause\":true,\"slideshow_min_height\":300,\"thumbnav_height\":\"75\",\"thumbnav_svg_color\":\"emphasis\",\"thumbnav_width\":\"100\",\"title_element\":\"h3\",\"title_hover_style\":\"reset\"},\"children\":[{\"type\":\"slideshow_item\",\"props\":{\"image\":\"wp-content\/uploads\/2022\/10\/chalet001.jpg\",\"image_alt\":\"Chalet des Chartreux avec terrasse priv\u00e9e, camping Lac de Paladru\",\"image_title\":\"Chalet des Chartreux, camping D\u00e9tente et Clapotis\",\"title\":\"Chalet des Chartreux \u2014 vue ext\u00e9rieure\"}},{\"type\":\"slideshow_item\",\"props\":{\"image\":\"wp-content\/uploads\/2022\/10\/chalet05.jpg\",\"image_alt\":\"Cuisine \u00e9quip\u00e9e du Chalet des Chartreux, camping Lac de Paladru\",\"image_title\":\"Cuisine Chartreux, camping D\u00e9tente et Clapotis\",\"title\":\"Cuisine \u00e9quip\u00e9e du Chalet des Chartreux\"}},{\"type\":\"slideshow_item\",\"props\":{\"image\":\"wp-content\/uploads\/2022\/10\/chalet04.jpg\",\"image_alt\":\"Chambre du Chalet des Chartreux, camping 4 \u00e9toiles Lac de Paladru\",\"image_title\":\"Chambre Chartreux, camping D\u00e9tente et Clapotis\",\"title\":\"Chambre du Chalet des Chartreux\"}},{\"type\":\"slideshow_item\",\"props\":{\"image\":\"wp-content\/uploads\/2021\/12\/chalet-chambre-scaled.jpg\",\"image_alt\":\"Chalet Chambre, camping D\u00e9tente et Clapotis, Lac de Paladru\",\"image_title\":\"Chalet Chambre, camping D\u00e9tente et Clapotis\",\"title\":\"Chalet Chambre, camping D\u00e9tente et Clapotis, Lac de Paladru\"}},{\"type\":\"slideshow_item\",\"props\":{\"image\":\"wp-content\/uploads\/2025\/10\/chartreux-chambre-parent-scaled.jpg\",\"image_alt\":\"Chartreux Chambre Parent, camping D\u00e9tente et Clapotis, Lac de Paladru\",\"image_title\":\"Chartreux Chambre Parent, camping D\u00e9tente et Clapotis\",\"title\":\"Chartreux Chambre Parent, camping D\u00e9tente et Clapotis, Lac de Paladru\"}},{\"type\":\"slideshow_item\",\"props\":{\"image\":\"wp-content\/uploads\/2022\/10\/chalet03.jpg\",\"image_alt\":\"Chalet des Chartreux avec terrasse et jardin privatifs, camping Is\u00e8re\",\"image_title\":\"Chalet Chartreux terrasse, camping D\u00e9tente et Clapotis\",\"title\":\"Chalet des Chartreux \u2014 terrasse et jardin\"}}]}]}]},{\"type\":\"row\",\"props\":{\"column_gap\":\"collapse\",\"divider\":false,\"layout\":\"1-2,1-2\",\"width\":\"large\"},\"children\":[{\"type\":\"column\",\"props\":{\"image_position\":\"center-center\",\"padding\":\"small\",\"position_sticky_breakpoint\":\"m\",\"style\":\"tile-muted\",\"width_medium\":\"1-2\"},\"children\":[{\"type\":\"accordion\",\"props\":{\"collapsible\":true,\"content_column_breakpoint\":\"m\",\"image_align\":\"top\",\"image_grid_breakpoint\":\"m\",\"image_grid_width\":\"1-2\",\"image_svg_color\":\"emphasis\",\"link_style\":\"default\",\"link_text\":\"Read more\",\"show_image\":true,\"show_link\":true},\"children\":[{\"type\":\"accordion_item\",\"props\":{\"content\":\"<ctv-inventory data-product-id=\\\"48930\\\" ><\/ctv-inventory>\",\"title\":\"Equipment\"}},{\"type\":\"accordion_item\",\"props\":{\"content\":\"<ctv-reviews-list data-product-id=\\\"48930\\\" ><\/ctv-reviews-list>\",\"title\":\"Reviews\"}}]}]},{\"type\":\"column\",\"props\":{\"image_position\":\"center-center\",\"padding\":\"small\",\"position_sticky_breakpoint\":\"m\",\"style\":\"tile-muted\",\"width_medium\":\"1-2\"},\"children\":[{\"type\":\"accordion\",\"props\":{\"collapsible\":true,\"content_column_breakpoint\":\"m\",\"image_align\":\"top\",\"image_grid_breakpoint\":\"m\",\"image_grid_width\":\"1-2\",\"image_svg_color\":\"emphasis\",\"link_style\":\"default\",\"link_text\":\"Read more\",\"show_image\":true,\"show_link\":true},\"children\":[{\"type\":\"accordion_item\",\"props\":{\"content\":\"<ctv-product-search data-product-id=\\\"48930\\\" ><\/ctv-product-search>\",\"title\":\"Calendar and rates\"}},{\"type\":\"accordion_item\",\"props\":{\"content\":\"<ctv-offers data-product-id=\\\"48930\\\" data-display-mode=\\\"classic\\\" ><\/ctv-offers>\",\"title\":\"Special offers\"}}]}]}]}]},{\"type\":\"section\",\"props\":{\"image\":\"wp-content\/uploads\/2022\/09\/plage2.jpg\",\"image_alt\":\"Natural supervised beach at D\u00e9tente et Clapotis campsite on Lac de Paladru, Montferrat, Is\u00e8re\",\"image_effect\":\"fixed\",\"image_position\":\"center-center\",\"image_size\":\"cover\",\"image_title\":\"Natural supervised beach, Lac de Paladru \u2014 D\u00e9tente et Clapotis campsite, Montferrat\",\"padding_bottom\":\"xsmall\",\"padding_top\":\"xsmall\",\"style\":\"muted\",\"title_breakpoint\":\"xl\",\"title_position\":\"top-left\",\"title_rotation\":\"left\",\"vertical_align\":\"\",\"width\":\"default\"},\"children\":[{\"type\":\"row\",\"children\":[{\"type\":\"column\",\"props\":{\"image_position\":\"center-center\",\"position_sticky_breakpoint\":\"m\"},\"children\":[{\"type\":\"headline\",\"props\":{\"content\":\"Our other accommodations\",\"image_align\":\"left\",\"image_margin\":\"xsmall\",\"text_align\":\"center\",\"title_color\":\"muted\",\"title_element\":\"h2\",\"title_style\":\"h3\"}},{\"type\":\"panel-slider\",\"props\":{\"content_column_breakpoint\":\"m\",\"content_margin\":\"small\",\"image_align\":\"top\",\"image_grid_breakpoint\":\"m\",\"image_grid_width\":\"1-2\",\"image_height\":\"180\",\"image_svg_color\":\"emphasis\",\"image_width\":\"250\",\"link_fullwidth\":false,\"link_margin\":\"small\",\"link_size\":\"small\",\"link_style\":\"default\",\"link_text\":\"Discover\",\"margin_bottom\":\"default\",\"margin_top\":\"default\",\"meta_align\":\"below-title\",\"meta_element\":\"div\",\"meta_margin\":\"small\",\"meta_style\":\"text-meta\",\"nav\":\"dotnav\",\"nav_align\":\"center\",\"nav_breakpoint\":\"s\",\"panel_image_no_padding\":true,\"panel_link\":true,\"panel_link_hover\":\"true\",\"panel_match\":true,\"panel_padding\":\"small\",\"panel_style\":\"tile-default\",\"show_content\":true,\"show_hover_image\":true,\"show_hover_video\":true,\"show_image\":true,\"show_link\":true,\"show_meta\":true,\"show_title\":true,\"show_video\":true,\"slidenav\":\"outside\",\"slidenav_breakpoint\":\"xl\",\"slidenav_margin\":\"medium\",\"slidenav_outside_breakpoint\":\"xl\",\"slider_autoplay_pause\":true,\"slider_gap\":\"small\",\"slider_width\":\"fixed\",\"slider_width_default\":\"1-2\",\"slider_width_medium\":\"1-5\",\"title_align\":\"top\",\"title_element\":\"h3\",\"title_grid_breakpoint\":\"m\",\"title_grid_width\":\"1-2\",\"title_hover_style\":\"reset\",\"title_margin\":\"small\"},\"children\":[{\"type\":\"panel-slider_item\",\"props\":{\"content\":\"35 m\u00b2, plot between 150 and 200 m\u00b2, private terrace and spa, not overlooked !\",\"image\":\"wp-content\/uploads\/2022\/10\/natura02-1.jpg\",\"image_alt\":\"Natura Lodge for 4 with private terrace, 4-star campsite Lac de Paladru\",\"link\":\"en\/natura-lodges\/\",\"title\":\"Natura Lodges\",\"image_title\":\"Natura Lodge for 4 with private terrace, 4-star campsite Lac de\"}},{\"type\":\"panel-slider_item\",\"props\":{\"content\":\"35 m\u00b2, terrain entreplot between 150 and 200 m\u00b2, private terrace not overlooked !\",\"image\":\"wp-content\/uploads\/2022\/10\/libella01.jpg\",\"image_alt\":\"Libella Chalet with private terrace, 4-star campsite Lac de Paladru\",\"link\":\"en\/chalets-libella\/\",\"title\":\"Libella Chalets\",\"image_title\":\"Libella Chalet with private terrace, 4-star campsite Lac de Paladru\"}},{\"type\":\"panel-slider_item\",\"props\":{\"content\":\"25 m\u00b2, plot between 120 and 180 m\u00b2, private terrace !\",\"image\":\"wp-content\/uploads\/2022\/10\/anmil00.jpg\",\"image_alt\":\"Knights of the Millennium unusual chalet, unique accommodation Lac de Paladru\",\"link\":\"en\/chalets-des-chevaliers-de-lan-mil\/\",\"title\":\"Chalet des Chevaliers de l'An Mil\",\"image_title\":\"Knights of the Millennium unusual chalet, unique accommodation Lac de\"}},{\"type\":\"panel-slider_item\",\"props\":{\"content\":\"\n\n<p>35 m2, plot between 150 et 200 m2, private terrace no overlooked !<\/p>\n\n\",\"image\":\"wp-content\/uploads\/2022\/10\/eco-chalet03-1.jpg\",\"image_alt\":\"Eco-Chalet with private terrace, campsite Lac de Paladru\",\"link\":\"en\/eco-chalets\/\",\"title\":\"Eco-Chalet with private terrace, campsite Lac de Paladru\",\"image_title\":\"Eco-Chalet with private terrace, campsite Lac de Paladru\"}},{\"type\":\"panel-slider_item\",\"props\":{\"content\":\"25 m\u00b2, private terrace of 10m\u00b2 !\",\"image\":\"wp-content\/uploads\/2022\/10\/tente02.jpg\",\"image_alt\":\"Lodge tent interior with equipped living space, campsite Lac de Paladru\",\"link\":\"en\/lodge-tents\/\",\"title\":\"Lodge Tente\",\"image_title\":\"Lodge tent interior with equipped living space, campsite Lac de\"}}]}]}]}],\"name\":\"Chalets - autres h\u00e9bergements_EN\"},{\"type\":\"section\",\"props\":{\"image_position\":\"center-center\",\"padding_bottom\":\"xsmall\",\"padding_top\":\"xsmall\",\"style\":\"muted\",\"title_breakpoint\":\"xl\",\"title_position\":\"top-left\",\"title_rotation\":\"left\",\"vertical_align\":\"\",\"width\":\"default\"},\"children\":[{\"type\":\"row\",\"props\":{\"layout\":\"1-2,1-2\"},\"children\":[{\"type\":\"column\",\"props\":{\"image_position\":\"center-center\",\"position_sticky_breakpoint\":\"m\",\"width_medium\":\"1-2\"},\"children\":[{\"type\":\"headline\",\"props\":{\"content\":\"Activities\",\"image_align\":\"left\",\"image_margin\":\"xsmall\",\"title_decoration\":\"divider\",\"title_element\":\"h2\"}},{\"type\":\"text\",\"props\":{\"column_breakpoint\":\"m\",\"content\":\"\n\n<p>Something to enjoy life, for all ages, for all tastes !<\/p>\n\n\",\"margin_bottom\":\"default\",\"margin_top\":\"default\",\"text_style\":\"lead\"}},{\"type\":\"list\",\"props\":{\"column\":\"1-2\",\"column_breakpoint\":\"m\",\"image_align\":\"left\",\"image_border\":\"circle\",\"image_height\":\"50\",\"image_svg_color\":\"emphasis\",\"image_vertical_align\":true,\"image_width\":\"50\",\"list_element\":\"ul\",\"list_horizontal_separator\":\", \",\"list_type\":\"vertical\",\"show_image\":true,\"show_link\":true},\"children\":[{\"type\":\"list_item\",\"props\":{\"content\":\"\n\n<p>Swimming pool and water area<\/p>\n\n\",\"image\":\"wp-content\/uploads\/2022\/03\/home-top3.jpg\",\"image_alt\":\"Heated indoor and outdoor pool, D\u00e9tente et Clapotis campsite Lac de Paladru\",\"image_title\":\"Heated indoor and outdoor pool, D\u00e9tente et Clapotis campsite Lac de\",\"title\":\"Heated indoor and outdoor pool, D\u00e9tente et Clapotis\"}},{\"type\":\"list_item\",\"props\":{\"content\":\"\n\n<p>The beach<\/p>\n\n\",\"image\":\"wp-content\/uploads\/2021\/12\/plage-2.jpg\",\"image_alt\":\"Natural supervised beach at D\u00e9tente et Clapotis campsite on Lac de Paladru, Montferrat, Is\u00e8re\",\"image_title\":\"Natural supervised beach at D\u00e9tente et Clapotis campsite on Lac de\",\"title\":\"Natural supervised beach at D\u00e9tente et Clapotis campsite on\"}},{\"type\":\"list_item\",\"props\":{\"content\":\"Watersports and fishing\",\"image\":\"wp-content\/uploads\/2022\/03\/schluchsee-g36300ba53_1280.jpg\",\"image_alt\":\"Water sports on Lac de Paladru, kayaking and sailing, campsite Is\u00e8re\",\"image_title\":\"Water sports on Lac de Paladru, kayaking and sailing, campsite Is\u00e8re\",\"title\":\"Water sports on Lac de Paladru, kayaking and sailing\"}},{\"type\":\"list_item\",\"props\":{\"content\":\"Playgrounds and sports fields\",\"image\":\"wp-content\/uploads\/2022\/03\/jeuxenfants.jpg\",\"image_alt\":\"Children's play area at D\u00e9tente et Clapotis campsite, Lac de Paladru\",\"image_title\":\"Children's play area at D\u00e9tente et Clapotis campsite, Lac de Paladru\",\"title\":\"Children's play area at D\u00e9tente et Clapotis campsite, Lac\"}},{\"type\":\"list_item\",\"props\":{\"content\":\"Musical evenings at the restaurant\",\"image\":\"wp-content\/uploads\/2022\/03\/Resto-concert.jpg\",\"image_alt\":\"Musical evening at the restaurant of D\u00e9tente et Clapotis campsite\",\"image_title\":\"Musical evening at the restaurant of D\u00e9tente et Clapotis campsite\",\"title\":\"Musical evening at the restaurant of D\u00e9tente et Clapotis\"}},{\"type\":\"list_item\",\"props\":{\"content\":\"Relaxation area\",\"image\":\"wp-content\/uploads\/2022\/03\/image-1.jpeg\",\"image_alt\":\"D\u00e9tente et Clapotis campsite, Lac de Paladru Is\u00e8re\",\"image_title\":\"D\u00e9tente et Clapotis campsite, Lac de Paladru Is\u00e8re\",\"title\":\"D\u00e9tente et Clapotis campsite, Lac de Paladru Is\u00e8re\"}}]},{\"type\":\"divider\",\"props\":{\"divider_element\":\"hr\"}},{\"type\":\"text\",\"props\":{\"column_breakpoint\":\"m\",\"content\":\"\n\n<p>Around the campsite, you can rent bicycles and discover the beautiful Lake tour or enjoy water sports rentals at the restaurant !<\/p>\n\n\\n\n\n<p>Still on the water, rowing, pedal boating, paddleboarding, and kayaking are within your reach.<\/p>\n\n\",\"margin_bottom\":\"default\",\"margin_top\":\"default\"}}]},{\"type\":\"column\",\"props\":{\"image_position\":\"center-center\",\"position_sticky_breakpoint\":\"m\",\"width_medium\":\"1-2\"},\"children\":[{\"type\":\"headline\",\"props\":{\"content\":\"Services\",\"image_align\":\"left\",\"image_margin\":\"xsmall\",\"title_decoration\":\"divider\",\"title_element\":\"h2\"}},{\"type\":\"text\",\"props\":{\"column_breakpoint\":\"m\",\"content\":\"To spend a good stay !\",\"margin_bottom\":\"default\",\"margin_top\":\"default\",\"text_style\":\"lead\"}},{\"type\":\"list\",\"props\":{\"column\":\"1-2\",\"column_breakpoint\":\"m\",\"image_align\":\"left\",\"image_border\":\"circle\",\"image_height\":\"50\",\"image_svg_color\":\"emphasis\",\"image_vertical_align\":true,\"image_width\":\"50\",\"list_element\":\"ul\",\"list_horizontal_separator\":\", \",\"list_type\":\"vertical\",\"show_image\":true,\"show_link\":true},\"children\":[{\"type\":\"list_item\",\"props\":{\"content\":\"Restaurant and bar \",\"image\":\"wp-content\/uploads\/2022\/03\/restaurant.jpg\",\"image_alt\":\"L'Annexe restaurant terrace with panoramic view of Lac de Paladru, D\u00e9tente et Clapotis campsite\",\"image_title\":\"L'Annexe restaurant terrace with panoramic view of Lac de Paladru\",\"title\":\"L'Annexe restaurant terrace with panoramic view of Lac de\"}},{\"type\":\"list_item\",\"props\":{\"content\":\"First necessity products\",\"image\":\"wp-content\/uploads\/2022\/03\/image-7.jpeg\",\"image_alt\":\"Emergency supplies shop at D\u00e9tente et Clapotis campsite\",\"image_title\":\"Emergency supplies shop at D\u00e9tente et Clapotis campsite\",\"title\":\"Emergency supplies shop at D\u00e9tente et Clapotis campsite\"}},{\"type\":\"list_item\",\"props\":{\"content\":\"Bread and pastries\",\"image\":\"wp-content\/uploads\/2022\/03\/image-8.jpeg\",\"image_alt\":\"Fresh bread and pastries at D\u00e9tente et Clapotis campsite\",\"image_title\":\"Fresh bread and pastries at D\u00e9tente et Clapotis campsite\",\"title\":\"Fresh bread and pastries at D\u00e9tente et Clapotis campsite\"}},{\"type\":\"list_item\",\"props\":{\"content\":\"Wi-fi access\",\"image\":\"wp-content\/uploads\/2022\/03\/image-9.jpeg\",\"image_alt\":\"Wi-Fi access at D\u00e9tente et Clapotis campsite, Lac de Paladru\",\"image_title\":\"Wi-Fi access at D\u00e9tente et Clapotis campsite, Lac de Paladru\",\"title\":\"Wi-Fi access at D\u00e9tente et Clapotis campsite, Lac de Paladru\"}},{\"type\":\"list_item\",\"props\":{\"content\":\"Hotel service\",\"image\":\"wp-content\/uploads\/2022\/03\/image-11.jpeg\",\"image_alt\":\"Housekeeping service at D\u00e9tente et Clapotis campsite\",\"image_title\":\"Housekeeping service at D\u00e9tente et Clapotis campsite\",\"title\":\"Housekeeping service at D\u00e9tente et Clapotis campsite\"}}]},{\"type\":\"divider\",\"props\":{\"divider_element\":\"hr\"}},{\"type\":\"text\",\"props\":{\"column_breakpoint\":\"m\",\"content\":\"On land, in addition to biking, you can enjoy horseback rides with the \u00c9curies du Lac Bleu or explore the numerous hiking trails with magnificent viewpoints.\",\"margin_bottom\":\"default\",\"margin_top\":\"default\"}}]}]}],\"name\":\"bas h\u00e9bergements EN\"}],\"version\":\"5.0.29\"} --><\/p>\n","protected":false},"excerpt":{"rendered":"<p>Chartreux Chalets &#8211; up to 7 people Six comfortable 40m\u00b2 chalets, accommodating up to 7 people, located near the campsite entrance. A comfortable and functional chalet, well-insulated, ideal for a family. 35 m\u00b2 + terrasse de 5m\u00b2, sur des parcelles de 100 m\u00b2 Espace de vie salle \u00e0 manger avec coin cuisine \u00e9quip\u00e9e (r\u00e9frig\u00e9rateur, plaques [&hellip;]<\/p>\n","protected":false},"author":1,"featured_media":0,"parent":0,"menu_order":0,"comment_status":"closed","ping_status":"closed","template":"","meta":{"_acf_changed":false,"footnotes":""},"class_list":["post-3703","page","type-page","status-publish","hentry"],"acf":[],"_links":{"self":[{"href":"https:\/\/www.detente-et-clapotis.fr\/en\/wp-json\/wp\/v2\/pages\/3703","targetHints":{"allow":["GET"]}}],"collection":[{"href":"https:\/\/www.detente-et-clapotis.fr\/en\/wp-json\/wp\/v2\/pages"}],"about":[{"href":"https:\/\/www.detente-et-clapotis.fr\/en\/wp-json\/wp\/v2\/types\/page"}],"author":[{"embeddable":true,"href":"https:\/\/www.detente-et-clapotis.fr\/en\/wp-json\/wp\/v2\/users\/1"}],"replies":[{"embeddable":true,"href":"https:\/\/www.detente-et-clapotis.fr\/en\/wp-json\/wp\/v2\/comments?post=3703"}],"version-history":[{"count":25,"href":"https:\/\/www.detente-et-clapotis.fr\/en\/wp-json\/wp\/v2\/pages\/3703\/revisions"}],"predecessor-version":[{"id":5414,"href":"https:\/\/www.detente-et-clapotis.fr\/en\/wp-json\/wp\/v2\/pages\/3703\/revisions\/5414"}],"wp:attachment":[{"href":"https:\/\/www.detente-et-clapotis.fr\/en\/wp-json\/wp\/v2\/media?parent=3703"}],"curies":[{"name":"wp","href":"https:\/\/api.w.org\/{rel}","templated":true}]}}